{"id":1438,"date":"2020-07-20T14:14:44","date_gmt":"2020-07-20T14:14:44","guid":{"rendered":"https:\/\/parkhotelghent.be\/?page_id=1438"},"modified":"2023-06-12T16:09:22","modified_gmt":"2023-06-12T16:09:22","slug":"welkom-in-parkhotel","status":"publish","type":"page","link":"https:\/\/parkhotelgent.be\/fr\/welkom-in-parkhotel\/","title":{"rendered":"Bienvenue au Parkhotel"},"content":{"rendered":"<div data-elementor-type=\"wp-page\" data-elementor-id=\"1438\" class=\"elementor elementor-1438\" data-elementor-post-type=\"page\">\n\t\t\t\t\t\t<section class=\"elementor-section elementor-top-section elementor-element elementor-element-95cfb9f elementor-section-boxed elementor-section-height-default elementor-section-height-default\" data-id=\"95cfb9f\" data-element_type=\"section\" data-settings=\"{&quot;background_background&quot;:&quot;classic&quot;}\">\n\t\t\t\t\t\t<div class=\"elementor-container elementor-column-gap-wide\">\n\t\t\t\t\t<div class=\"elementor-column elementor-col-50 elementor-top-column elementor-element elementor-element-518335a\" data-id=\"518335a\" data-element_type=\"column\">\n\t\t\t<div class=\"elementor-widget-wrap elementor-element-populated\">\n\t\t\t\t\t\t<div class=\"elementor-element elementor-element-759e436 elementor-widget elementor-widget-heading\" data-id=\"759e436\" data-element_type=\"widget\" data-widget_type=\"heading.default\">\n\t\t\t\t<div class=\"elementor-widget-container\">\n\t\t\t\t\t<h2 class=\"elementor-heading-title elementor-size-default\">Bienvenue au Parkhotel<\/h2>\t\t\t\t<\/div>\n\t\t\t\t<\/div>\n\t\t\t\t<div class=\"elementor-element elementor-element-0267233 elementor-widget elementor-widget-text-editor\" data-id=\"0267233\" data-element_type=\"widget\" data-widget_type=\"text-editor.default\">\n\t\t\t\t<div class=\"elementor-widget-container\">\n\t\t\t\t\t\t\t\t\t<p>Restez au c\u0153ur de Gand.\u00a0<\/p><p>Parkhotel est un h\u00f4tel branch\u00e9 enti\u00e8rement r\u00e9nov\u00e9 o\u00f9 vous serez accueilli personnellement.<\/p><p>L&#039;h\u00f4tel enti\u00e8rement r\u00e9nov\u00e9 a ouvert ses portes depuis janvier 2010. Vous trouverez tout le confort moderne dans les chambres et au bar. Dans le bar, vous pourrez vous d\u00e9tendre du lundi au samedi de 14h00 \u00e0 20h00 et d\u00e9guster un caf\u00e9 ou une bi\u00e8re fra\u00eeche.<\/p><p>La convivialit\u00e9 et la personnalit\u00e9 sont nos atouts les plus forts. Toutes les chambres sont confortables et tendance. Chaque chambre dispose d&#039;une salle de bain priv\u00e9e, d&#039;une t\u00e9l\u00e9vision \u00e0 \u00e9cran plat, de la climatisation et d&#039;une connexion Internet sans fil. Toutes les chambres ont une belle vue sur la terrasse du jardin, o\u00f9 vous pourrez vous d\u00e9tendre au soleil ou \u00e0 l&#039;ombre avec un verre de vin blanc et une collation.<\/p><p>Parkhotel est un h\u00f4tel qui accueille aussi bien les hommes d&#039;affaires que les touristes. De plus, l&#039;h\u00f4tel est \u00e0 distance de marche du vieux centre historique (450 m\u00e8tres), o\u00f9 vous trouverez non seulement le centre commercial avec ses nombreuses boutiques et magasins \u00e0 la mode, mais aussi diverses terrasses. Les vieux b\u00e2timents historiques tels que le Belfort, le Gravensteen et les mus\u00e9es sont facilement accessibles. Le quartier universitaire et l&#039;\u00e9cole de management Vlerick sont \u00e0 quelques minutes \u00e0 pied de l&#039;h\u00f4tel.<\/p><p>L&#039;h\u00f4tel ne dispose pas d&#039;ascenseur, mais il est accessible aux personnes en fauteuil roulant au rez-de-chauss\u00e9e.<\/p><p>Vous accueillir dans mon h\u00f4tel est un privil\u00e8ge, ainsi que vous chouchouter avec un d\u00e9licieux petit d\u00e9jeuner le matin.<\/p><p>De Wit Olivier<\/p>\t\t\t\t\t\t\t\t<\/div>\n\t\t\t\t<\/div>\n\t\t\t\t<div class=\"elementor-element elementor-element-d28233d elementor-widget elementor-widget-heading\" data-id=\"d28233d\" data-element_type=\"widget\" data-widget_type=\"heading.default\">\n\t\t\t\t<div class=\"elementor-widget-container\">\n\t\t\t\t\t<h3 class=\"elementor-heading-title elementor-size-default\">Parking<\/h3>\t\t\t\t<\/div>\n\t\t\t\t<\/div>\n\t\t\t\t<div class=\"elementor-element elementor-element-21aec17 elementor-widget elementor-widget-text-editor\" data-id=\"21aec17\" data-element_type=\"widget\" data-widget_type=\"text-editor.default\">\n\t\t\t\t<div class=\"elementor-widget-container\">\n\t\t\t\t\t\t\t\t\t<p>Si vous venez en voiture, vous pouvez vous garer au Parking Gent Zuid (P3). L&#039;h\u00f4tel lui-m\u00eame ne dispose pas de parking, nous vous recommandons donc le Parking Gent Zuid.<\/p><p>Vous pouvez acc\u00e9der au parking Gent Zuid d\u00e8s que vous quittez l&#039;autoroute et prenez la sortie Gand centre, continuez tout droit et entrez dans le parking. Vous trouverez toutes les informations sur <a href=\"https:\/\/www.interparking.be\/en\/find-parking\/Gent%20Zuid\/\" target=\"_blank\" rel=\"noopener\">ce lien<\/a>.<\/p><p>Si vous disposez d&#039;un syst\u00e8me GPS, vous pouvez saisir l&#039;adresse suivante : Woodrow Wilsonplein 1, Gent.<\/p><p>Apr\u00e8s avoir gar\u00e9 votre v\u00e9hicule, vous pourrez rejoindre l&#039;h\u00f4tel \u00e0 pied, soit 3 \u00e0 4 minutes \u00e0 pied. Vous trouverez ici le plan avec l&#039;itin\u00e9raire \u00e0 pied jusqu&#039;\u00e0 l&#039;h\u00f4tel, suivez la ligne pointill\u00e9e bleue sur le plan.<\/p><p>Gent Zuid est \u00e9galement le parking le moins cher de Gand, ce parking est \u00e9galement accessible sans avoir \u00e0 immatriculer votre voiture afin que vous ne contractiez aucune infraction en entrant dans la zone LEZ.<\/p><p>Si vous n&#039;utilisez pas le parking Gent Zuid, v\u00e9rifiez d&#039;abord votre voiture via <a href=\"https:\/\/stad.gent\/nl\/mobiliteit-openbare-werken\/mobiliteit-openbare-werken\/parkings-gent#Is%20er%20n%C3%BA%20plaats?\" target=\"_blank\" rel=\"noopener\">ce lien<\/a>.<\/p><p>Astuce? D\u00e8s votre arriv\u00e9e \u00e0 Gand par les autoroutes ou les routes r\u00e9gionales, suivez les zones ou le nom d&#039;un parking sur les panneaux pour vous diriger vers un parking disponible. Gr\u00e2ce aux panneaux de stationnement en cours de route, vous trouverez toujours un parking, Parking Zuid<br \/>et Reep est d\u00e9sign\u00e9 pour nos clients.<\/p><p>Si vous souhaitez vous garer gratuitement \u00e0 Gand, garez votre voiture \u00e0 une<br \/>zone de stationnement incitatif, voir <a href=\"https:\/\/stad.gent\/nl\/mobiliteit-openbare-werken\/mobiliteit-openbare-werken\/park-and-ride-pr\" target=\"_blank\" rel=\"noopener\">ce lien<\/a>.<\/p><p>Si vous avez des questions, veuillez envoyer un e-mail \u00e0 <a href=\"mailto:info@parkhotelgent.be\">info@parkhotelgent.be<\/a>.<\/p>\t\t\t\t\t\t\t\t<\/div>\n\t\t\t\t<\/div>\n\t\t\t\t\t<\/div>\n\t\t<\/div>\n\t\t\t\t<div class=\"elementor-column elementor-col-50 elementor-top-column elementor-element elementor-element-13eb513\" data-id=\"13eb513\" data-element_type=\"column\">\n\t\t\t<div class=\"elementor-widget-wrap elementor-element-populated\">\n\t\t\t\t\t\t<div class=\"elementor-element elementor-element-ce3c218 elementor-widget elementor-widget-gallery\" data-id=\"ce3c218\" data-element_type=\"widget\" data-settings=\"{&quot;gallery_layout&quot;:&quot;masonry&quot;,&quot;columns&quot;:2,&quot;columns_tablet&quot;:2,&quot;columns_mobile&quot;:1,&quot;gap&quot;:{&quot;unit&quot;:&quot;px&quot;,&quot;size&quot;:10,&quot;sizes&quot;:[]},&quot;gap_tablet&quot;:{&quot;unit&quot;:&quot;px&quot;,&quot;size&quot;:10,&quot;sizes&quot;:[]},&quot;gap_mobile&quot;:{&quot;unit&quot;:&quot;px&quot;,&quot;size&quot;:10,&quot;sizes&quot;:[]},&quot;link_to&quot;:&quot;file&quot;,&quot;overlay_background&quot;:&quot;yes&quot;,&quot;content_hover_animation&quot;:&quot;fade-in&quot;}\" data-widget_type=\"gallery.default\">\n\t\t\t\t<div class=\"elementor-widget-container\">\n\t\t\t\t\t\t\t<div class=\"elementor-gallery__container\">\n\t\t\t\t\t\t\t<a class=\"e-gallery-item elementor-gallery-item elementor-animated-content\" href=\"https:\/\/parkhotelgent.be\/wp-content\/uploads\/2020\/07\/Gevel-vooraanzicht.jpg\" data-elementor-open-lightbox=\"yes\" data-elementor-lightbox-slideshow=\"ce3c218\" data-elementor-lightbox-title=\"Gevel vooraanzicht\" data-e-action-hash=\"#elementor-action%3Aaction%3Dlightbox%26settings%3DeyJpZCI6Nzk5LCJ1cmwiOiJodHRwczpcL1wvcGFya2hvdGVsZ2VudC5iZVwvd3AtY29udGVudFwvdXBsb2Fkc1wvMjAyMFwvMDdcL0dldmVsLXZvb3JhYW56aWNodC5qcGciLCJzbGlkZXNob3ciOiJjZTNjMjE4In0%3D\">\n\t\t\t\t\t<div class=\"e-gallery-image elementor-gallery-item__image\" data-thumbnail=\"https:\/\/parkhotelgent.be\/wp-content\/uploads\/2020\/07\/Gevel-vooraanzicht-300x287.jpg\" data-width=\"300\" data-height=\"287\" aria-label=\"\" role=\"img\" ><\/div>\n\t\t\t\t\t\t\t\t\t\t\t<div class=\"elementor-gallery-item__overlay\"><\/div>\n\t\t\t\t\t\t\t\t\t\t\t\t\t\t<\/a>\n\t\t\t\t\t\t\t<a class=\"e-gallery-item elementor-gallery-item elementor-animated-content\" href=\"https:\/\/parkhotelgent.be\/wp-content\/uploads\/2020\/07\/hal-trap-1-verdiep-voorgebouw.jpg\" data-elementor-open-lightbox=\"yes\" data-elementor-lightbox-slideshow=\"ce3c218\" data-elementor-lightbox-title=\"hal trap 1 verdiep voorgebouw\" data-e-action-hash=\"#elementor-action%3Aaction%3Dlightbox%26settings%3DeyJpZCI6ODAyLCJ1cmwiOiJodHRwczpcL1wvcGFya2hvdGVsZ2VudC5iZVwvd3AtY29udGVudFwvdXBsb2Fkc1wvMjAyMFwvMDdcL2hhbC10cmFwLTEtdmVyZGllcC12b29yZ2Vib3V3LmpwZyIsInNsaWRlc2hvdyI6ImNlM2MyMTgifQ%3D%3D\">\n\t\t\t\t\t<div class=\"e-gallery-image elementor-gallery-item__image\" data-thumbnail=\"https:\/\/parkhotelgent.be\/wp-content\/uploads\/2020\/07\/hal-trap-1-verdiep-voorgebouw-200x300.jpg\" data-width=\"200\" data-height=\"300\" aria-label=\"\" role=\"img\" ><\/div>\n\t\t\t\t\t\t\t\t\t\t\t<div class=\"elementor-gallery-item__overlay\"><\/div>\n\t\t\t\t\t\t\t\t\t\t\t\t\t\t<\/a>\n\t\t\t\t\t\t\t<a class=\"e-gallery-item elementor-gallery-item elementor-animated-content\" href=\"https:\/\/parkhotelgent.be\/wp-content\/uploads\/2020\/07\/Receptie-bar.jpg\" data-elementor-open-lightbox=\"yes\" data-elementor-lightbox-slideshow=\"ce3c218\" data-elementor-lightbox-title=\"Receptie + bar\" data-e-action-hash=\"#elementor-action%3Aaction%3Dlightbox%26settings%3DeyJpZCI6NzgzLCJ1cmwiOiJodHRwczpcL1wvcGFya2hvdGVsZ2VudC5iZVwvd3AtY29udGVudFwvdXBsb2Fkc1wvMjAyMFwvMDdcL1JlY2VwdGllLWJhci5qcGciLCJzbGlkZXNob3ciOiJjZTNjMjE4In0%3D\">\n\t\t\t\t\t<div class=\"e-gallery-image elementor-gallery-item__image\" data-thumbnail=\"https:\/\/parkhotelgent.be\/wp-content\/uploads\/2020\/07\/Receptie-bar-300x146.jpg\" data-width=\"300\" data-height=\"146\" aria-label=\"\" role=\"img\" ><\/div>\n\t\t\t\t\t\t\t\t\t\t\t<div class=\"elementor-gallery-item__overlay\"><\/div>\n\t\t\t\t\t\t\t\t\t\t\t\t\t\t<\/a>\n\t\t\t\t\t\t\t<a class=\"e-gallery-item elementor-gallery-item elementor-animated-content\" href=\"https:\/\/parkhotelgent.be\/wp-content\/uploads\/2020\/07\/hal-trap-naarr-2-verdiep-voorgebouw.jpg\" data-elementor-open-lightbox=\"yes\" data-elementor-lightbox-slideshow=\"ce3c218\" data-elementor-lightbox-title=\"hal trap naarr 2 verdiep voorgebouw\" data-e-action-hash=\"#elementor-action%3Aaction%3Dlightbox%26settings%3DeyJpZCI6ODA1LCJ1cmwiOiJodHRwczpcL1wvcGFya2hvdGVsZ2VudC5iZVwvd3AtY29udGVudFwvdXBsb2Fkc1wvMjAyMFwvMDdcL2hhbC10cmFwLW5hYXJyLTItdmVyZGllcC12b29yZ2Vib3V3LmpwZyIsInNsaWRlc2hvdyI6ImNlM2MyMTgifQ%3D%3D\">\n\t\t\t\t\t<div class=\"e-gallery-image elementor-gallery-item__image\" data-thumbnail=\"https:\/\/parkhotelgent.be\/wp-content\/uploads\/2020\/07\/hal-trap-naarr-2-verdiep-voorgebouw-300x200.jpg\" data-width=\"300\" data-height=\"200\" aria-label=\"\" role=\"img\" ><\/div>\n\t\t\t\t\t\t\t\t\t\t\t<div class=\"elementor-gallery-item__overlay\"><\/div>\n\t\t\t\t\t\t\t\t\t\t\t\t\t\t<\/a>\n\t\t\t\t\t\t\t<a class=\"e-gallery-item elementor-gallery-item elementor-animated-content\" href=\"https:\/\/parkhotelgent.be\/wp-content\/uploads\/2020\/07\/25322581.jpg\" data-elementor-open-lightbox=\"yes\" data-elementor-lightbox-slideshow=\"ce3c218\" data-elementor-lightbox-title=\"25322581\" data-e-action-hash=\"#elementor-action%3Aaction%3Dlightbox%26settings%3DeyJpZCI6NzU1LCJ1cmwiOiJodHRwczpcL1wvcGFya2hvdGVsZ2VudC5iZVwvd3AtY29udGVudFwvdXBsb2Fkc1wvMjAyMFwvMDdcLzI1MzIyNTgxLmpwZyIsInNsaWRlc2hvdyI6ImNlM2MyMTgifQ%3D%3D\">\n\t\t\t\t\t<div class=\"e-gallery-image elementor-gallery-item__image\" data-thumbnail=\"https:\/\/parkhotelgent.be\/wp-content\/uploads\/2020\/07\/25322581-200x300.jpg\" data-width=\"200\" data-height=\"300\" aria-label=\"\" role=\"img\" ><\/div>\n\t\t\t\t\t\t\t\t\t\t\t<div class=\"elementor-gallery-item__overlay\"><\/div>\n\t\t\t\t\t\t\t\t\t\t\t\t\t\t<\/a>\n\t\t\t\t\t\t\t<a class=\"e-gallery-item elementor-gallery-item elementor-animated-content\" href=\"https:\/\/parkhotelgent.be\/wp-content\/uploads\/2020\/07\/25322834.jpg\" data-elementor-open-lightbox=\"yes\" data-elementor-lightbox-slideshow=\"ce3c218\" data-elementor-lightbox-title=\"25322834\" data-e-action-hash=\"#elementor-action%3Aaction%3Dlightbox%26settings%3DeyJpZCI6NzYyLCJ1cmwiOiJodHRwczpcL1wvcGFya2hvdGVsZ2VudC5iZVwvd3AtY29udGVudFwvdXBsb2Fkc1wvMjAyMFwvMDdcLzI1MzIyODM0LmpwZyIsInNsaWRlc2hvdyI6ImNlM2MyMTgifQ%3D%3D\">\n\t\t\t\t\t<div class=\"e-gallery-image elementor-gallery-item__image\" data-thumbnail=\"https:\/\/parkhotelgent.be\/wp-content\/uploads\/2020\/07\/25322834-300x200.jpg\" data-width=\"300\" data-height=\"200\" aria-label=\"\" role=\"img\" ><\/div>\n\t\t\t\t\t\t\t\t\t\t\t<div class=\"elementor-gallery-item__overlay\"><\/div>\n\t\t\t\t\t\t\t\t\t\t\t\t\t\t<\/a>\n\t\t\t\t\t<\/div>\n\t\t\t\t\t<\/div>\n\t\t\t\t<\/div>\n\t\t\t\t\t<\/div>\n\t\t<\/div>\n\t\t\t\t\t<\/div>\n\t\t<\/section>\n\t\t\t\t<\/div>","protected":false},"excerpt":{"rendered":"<p>Bienvenue au Parkhotel Logeer au c\u0153ur de Gand. Parkhotel est un h\u00f4tel tendance enti\u00e8rement r\u00e9nov\u00e9 o\u00f9 vous recevrez un accueil personnalis\u00e9. L&#039;h\u00f4tel enti\u00e8rement r\u00e9nov\u00e9 a ouvert ses portes depuis janvier 2010. Vous trouverez tout le confort moderne dans les chambres et au bar. Au bar, vous pourrez profiter [\u2026]<\/p>","protected":false},"author":1,"featured_media":0,"parent":0,"menu_order":3,"comment_status":"closed","ping_status":"closed","template":"elementor_header_footer","meta":{"footnotes":""},"class_list":["post-1438","page","type-page","status-publish","hentry"],"_links":{"self":[{"href":"https:\/\/parkhotelgent.be\/fr\/wp-json\/wp\/v2\/pages\/1438","targetHints":{"allow":["GET"]}}],"collection":[{"href":"https:\/\/parkhotelgent.be\/fr\/wp-json\/wp\/v2\/pages"}],"about":[{"href":"https:\/\/parkhotelgent.be\/fr\/wp-json\/wp\/v2\/types\/page"}],"author":[{"embeddable":true,"href":"https:\/\/parkhotelgent.be\/fr\/wp-json\/wp\/v2\/users\/1"}],"replies":[{"embeddable":true,"href":"https:\/\/parkhotelgent.be\/fr\/wp-json\/wp\/v2\/comments?post=1438"}],"version-history":[{"count":0,"href":"https:\/\/parkhotelgent.be\/fr\/wp-json\/wp\/v2\/pages\/1438\/revisions"}],"wp:attachment":[{"href":"https:\/\/parkhotelgent.be\/fr\/wp-json\/wp\/v2\/media?parent=1438"}],"curies":[{"name":"wp","href":"https:\/\/api.w.org\/{rel}","templated":true}]}}